{"id":79,"date":"2020-11-09T14:38:49","date_gmt":"2020-11-09T17:38:49","guid":{"rendered":"https:\/\/retomada.hlog.turismo.gov.br\/?ufaq=7-que-acoes-o-ministerio-do-turismo-pretende-desenvolver"},"modified":"2020-12-16T12:53:37","modified_gmt":"2020-12-16T15:53:37","slug":"que-acoes-o-ministerio-do-turismo-pretende-desenvolver","status":"publish","type":"ufaq","link":"https:\/\/retomada.turismo.gov.br\/?ufaq=que-acoes-o-ministerio-do-turismo-pretende-desenvolver","title":{"rendered":"O Minist\u00e9rio do Turismo acredita que este \u00e9 o melhor momento para a retomada do turismo?"},"content":{"rendered":"<p>O Minist\u00e9rio do Turismo tem absoluta convic\u00e7\u00e3o de que estamos no momento da retomada do turismo e as cenas observadas nos \u00faltimos feriados refor\u00e7am isso, o interesse de o brasileiro voltar a aproveitar os nossos destinos nacionais. Mas, sabemos que a retomada deve ocorrer de maneira planejada, gradual e segura. Tanto que lan\u00e7amos, ainda no m\u00eas de junho, o Selo Turismo Respons\u00e1vel. A medida nos colocou entre os dez primeiros pa\u00edses do mundo a possu\u00edrem protocolos oficiais de biosseguran\u00e7a para 15 atividades, todos validados pela Anvisa (Ag\u00eancia Nacional de Vigil\u00e2ncia Sanit\u00e1ria). Destinos tur\u00edsticos importantes do nosso pa\u00eds como Gramado (RS) e Monte Verde (MG) s\u00e3o exemplos importantes de como \u00e9 poss\u00edvel conciliar turismo com preven\u00e7\u00e3o ao coronav\u00edrus.<\/p>\n<p>Institu\u00edmos a Retomada do Turismo para ampliar o alcance de medidas,<br \/>\nj\u00e1 desenvolvidas pelo Minist\u00e9rio do Turismo, e desenvolver novas a\u00e7\u00f5es, projetos e programas. A pr\u00f3xima temporada de ver\u00e3o \u00e9 o momento ideal para o in\u00edcio da recupera\u00e7\u00e3o da nossa atividade e para fazer com que o turismo brasileiro retome o ritmo de crescimento observado em 2019 e volte a desempenhar sua voca\u00e7\u00e3o, que \u00e9 gerar emprego e renda para o nosso povo. Esse \u00e9 o compromisso do governo federal.<\/p>\n","protected":false},"excerpt":{"rendered":"<p>O Minist\u00e9rio do Turismo tem absoluta convic\u00e7\u00e3o de que estamos no momento da retomada do turismo e as cenas observadas nos \u00faltimos feriados refor\u00e7am isso, o interesse de o brasileiro&#8230;<\/p>\n","protected":false},"author":1,"comment_status":"open","ping_status":"closed","template":"","ufaq-category":[3],"ufaq-tag":[],"yoast_head":"<!-- This site is optimized with the Yoast SEO plugin v15.3 - https:\/\/yoast.com\/wordpress\/plugins\/seo\/ -->\n<title>O Minist\u00e9rio do Turismo acredita que este \u00e9 o melhor momento para a retomada do turismo? - A Retomada do Turismo<\/title>\n<meta name=\"robots\" content=\"noindex, follow\" \/>\n<meta property=\"og:locale\" content=\"pt_BR\" \/>\n<meta property=\"og:type\" content=\"article\" \/>\n<meta property=\"og:title\" content=\"O Minist\u00e9rio do Turismo acredita que este \u00e9 o melhor momento para a retomada do turismo? - A Retomada do Turismo\" \/>\n<meta property=\"og:description\" content=\"O Minist\u00e9rio do Turismo tem absoluta convic\u00e7\u00e3o de que estamos no momento da retomada do turismo e as cenas observadas nos \u00faltimos feriados refor\u00e7am isso, o interesse de o brasileiro...\" \/>\n<meta property=\"og:url\" content=\"https:\/\/retomada.turismo.gov.br\/?ufaq=que-acoes-o-ministerio-do-turismo-pretende-desenvolver\" \/>\n<meta property=\"og:site_name\" content=\"A Retomada do Turismo\" \/>\n<meta property=\"article:modified_time\" content=\"2020-12-16T15:53:37+00:00\" \/>\n<meta name=\"twitter:card\" content=\"summary_large_image\" \/>\n<meta name=\"twitter:label1\" content=\"Written by\">\n\t<meta name=\"twitter:data1\" content=\"mtur-retomada\">\n\t<meta name=\"twitter:label2\" content=\"Est. reading time\">\n\t<meta name=\"twitter:data2\" content=\"1 minuto\">\n<script type=\"application\/ld+json\" class=\"yoast-schema-graph\">{\"@context\":\"https:\/\/schema.org\",\"@graph\":[{\"@type\":\"WebSite\",\"@id\":\"https:\/\/retomada.turismo.gov.br\/#website\",\"url\":\"https:\/\/retomada.turismo.gov.br\/\",\"name\":\"A Retomada do Turismo\",\"description\":\"Fa\\u00e7a parte voc\\u00ea tamb\\u00e9m.\",\"potentialAction\":[{\"@type\":\"SearchAction\",\"target\":\"https:\/\/retomada.turismo.gov.br\/?s={search_term_string}\",\"query-input\":\"required name=search_term_string\"}],\"inLanguage\":\"pt-BR\"},{\"@type\":\"WebPage\",\"@id\":\"https:\/\/retomada.turismo.gov.br\/?ufaq=que-acoes-o-ministerio-do-turismo-pretende-desenvolver#webpage\",\"url\":\"https:\/\/retomada.turismo.gov.br\/?ufaq=que-acoes-o-ministerio-do-turismo-pretende-desenvolver\",\"name\":\"O Minist\\u00e9rio do Turismo acredita que este \\u00e9 o melhor momento para a retomada do turismo? - A Retomada do Turismo\",\"isPartOf\":{\"@id\":\"https:\/\/retomada.turismo.gov.br\/#website\"},\"datePublished\":\"2020-11-09T17:38:49+00:00\",\"dateModified\":\"2020-12-16T15:53:37+00:00\",\"inLanguage\":\"pt-BR\",\"potentialAction\":[{\"@type\":\"ReadAction\",\"target\":[\"https:\/\/retomada.turismo.gov.br\/?ufaq=que-acoes-o-ministerio-do-turismo-pretende-desenvolver\"]}]}]}<\/script>\n<!-- \/ Yoast SEO plugin. -->","_links":{"self":[{"href":"https:\/\/retomada.turismo.gov.br\/index.php?rest_route=\/wp\/v2\/ufaq\/79"}],"collection":[{"href":"https:\/\/retomada.turismo.gov.br\/index.php?rest_route=\/wp\/v2\/ufaq"}],"about":[{"href":"https:\/\/retomada.turismo.gov.br\/index.php?rest_route=\/wp\/v2\/types\/ufaq"}],"author":[{"embeddable":true,"href":"https:\/\/retomada.turismo.gov.br\/index.php?rest_route=\/wp\/v2\/users\/1"}],"replies":[{"embeddable":true,"href":"https:\/\/retomada.turismo.gov.br\/index.php?rest_route=%2Fwp%2Fv2%2Fcomments&post=79"}],"wp:attachment":[{"href":"https:\/\/retomada.turismo.gov.br\/index.php?rest_route=%2Fwp%2Fv2%2Fmedia&parent=79"}],"wp:term":[{"taxonomy":"ufaq-category","embeddable":true,"href":"https:\/\/retomada.turismo.gov.br\/index.php?rest_route=%2Fwp%2Fv2%2Fufaq-category&post=79"},{"taxonomy":"ufaq-tag","embeddable":true,"href":"https:\/\/retomada.turismo.gov.br\/index.php?rest_route=%2Fwp%2Fv2%2Fufaq-tag&post=79"}],"curies":[{"name":"wp","href":"https:\/\/api.w.org\/{rel}","templated":true}]}}